{"id":99,"date":"2025-12-18T17:56:41","date_gmt":"2025-12-18T22:56:41","guid":{"rendered":"https:\/\/imct.gov.co\/talentohumano\/?page_id=99"},"modified":"2026-08-25T15:53:37","modified_gmt":"2026-08-25T20:53:37","slug":"programas-y-proyectos-ambientales","status":"publish","type":"page","link":"https:\/\/imct.gov.co\/gestioninstitucional\/index.php\/programas-y-proyectos-ambientales\/","title":{"rendered":"Programas y proyectos ambientales"},"content":{"rendered":"\n<!-- =========================================================\n     M\u00d3DULO PROGRAMAS Y PROYECTOS AMBIENTALES - 2 TARJETAS\n     ========================================================= -->\n\n<section class=\"programas-ambientales-imct-pro\">\n\n  <div class=\"programas-ambientales-imct-grid\">\n\n    <!-- TARJETA 1: PROGRAMA DE GESTI\u00d3N INTEGRAL DE RESIDUOS -->\n    <a \n      class=\"programas-ambientales-imct-card\" \n      href=\"https:\/\/imctgovco-my.sharepoint.com\/shared?listurl=https%3A%2F%2Fimctgovco%2Dmy%2Esharepoint%2Ecom%2Fpersonal%2Fadminfinanciera%5Fimct%5Fgov%5Fco%2FDocuments&amp;id=%2Fpersonal%2Fadminfinanciera%5Fimct%5Fgov%5Fco%2FDocuments%2FSISTEMA%20DE%20GESTI%C3%93N%20AMBIENTAL%2FWEBSITE%20%20IMCT%20SGA%2F2%2ESubm%C3%B3dulo%20Programas%20y%20Proyectos%20Ambientales%2FPrograma%20de%20gesti%C3%B3n%20integral%20de%20residuos&amp;viewid=831646a1%2De06f%2D4dfe%2D9bbd%2De4c7d82bf1e8&amp;shareLink=1&amp;ga=1\" \n      target=\"_blank\" \n      rel=\"noopener noreferrer\">\n\n      <div class=\"programas-ambientales-imct-img\">\n        <img decoding=\"async\" src=\"https:\/\/imct.gov.co\/gestioninstitucional\/wp-content\/uploads\/2026\/08\/27.Programa-integral.agua_.energia.jpg\" alt=\"Programa de gesti\u00f3n integral de residuos\">\n      <\/div>\n\n      <div class=\"programas-ambientales-imct-body\">\n        <h3>Programa de gesti\u00f3n integral de residuos<\/h3>\n        <span>CLICK AQU\u00cd<\/span>\n      <\/div>\n\n    <\/a>\n\n\n    <!-- TARJETA 2: PROGRAMA DE USO EFICIENTE DE AGUA Y ENERG\u00cdA -->\n    <a \n      class=\"programas-ambientales-imct-card\" \n      href=\"https:\/\/imctgovco-my.sharepoint.com\/shared?listurl=https%3A%2F%2Fimctgovco%2Dmy%2Esharepoint%2Ecom%2Fpersonal%2Fadminfinanciera%5Fimct%5Fgov%5Fco%2FDocuments&amp;id=%2Fpersonal%2Fadminfinanciera%5Fimct%5Fgov%5Fco%2FDocuments%2FSISTEMA%20DE%20GESTI%C3%93N%20AMBIENTAL%2FWEBSITE%20%20IMCT%20SGA%2F2%2ESubm%C3%B3dulo%20Programas%20y%20Proyectos%20Ambientales%2FPrograma%20de%20uso%20eficiente%20de%20agua%20y%20energ%C3%ADa&amp;viewid=831646a1%2De06f%2D4dfe%2D9bbd%2De4c7d82bf1e8&amp;shareLink=1&amp;ga=1\" \n      target=\"_blank\" \n      rel=\"noopener noreferrer\">\n\n      <div class=\"programas-ambientales-imct-img\">\n        <img decoding=\"async\" src=\"https:\/\/imct.gov.co\/gestioninstitucional\/wp-content\/uploads\/2026\/08\/28.Programa-integral.agua_.energia.jpg\" alt=\"Programa de uso eficiente de agua y energ\u00eda\">\n      <\/div>\n\n      <div class=\"programas-ambientales-imct-body\">\n        <h3>Programa de uso eficiente de agua y energ\u00eda<\/h3>\n        <span>CLICK AQU\u00cd<\/span>\n      <\/div>\n\n    <\/a>\n\n  <\/div>\n\n<\/section>\n\n\n<style>\n  @import url('https:\/\/fonts.googleapis.com\/css2?family=Nunito:wght@600;700;800;900&display=swap');\n\n  .programas-ambientales-imct-pro,\n  .programas-ambientales-imct-pro * {\n    box-sizing: border-box;\n  }\n\n  .programas-ambientales-imct-pro {\n    width: 100%;\n    max-width: 1120px;\n    margin: 0 auto;\n    padding: 28px 0 38px;\n    font-family: 'Nunito', Arial, Helvetica, sans-serif;\n  }\n\n  .programas-ambientales-imct-grid {\n    width: 100%;\n    display: grid;\n    grid-template-columns: repeat(2, minmax(0, 1fr));\n    gap: 30px;\n    align-items: stretch;\n  }\n\n  .programas-ambientales-imct-card {\n    width: 100%;\n    min-width: 0;\n    min-height: 390px;\n    margin: 0;\n    padding: 0;\n    display: flex;\n    flex-direction: column;\n    position: relative;\n    overflow: hidden;\n    background: #ffffff;\n    border: 1px solid rgba(0, 66, 37, 0.11);\n    border-radius: 22px;\n    color: inherit;\n    text-decoration: none !important;\n    cursor: pointer;\n    box-shadow: 0 13px 32px rgba(0, 0, 0, 0.11);\n    transition:\n      transform 0.25s ease,\n      box-shadow 0.25s ease,\n      border-color 0.25s ease;\n  }\n\n  .programas-ambientales-imct-card::after {\n    content: \"\";\n    position: absolute;\n    inset: 0;\n    pointer-events: none;\n    border-radius: inherit;\n    box-shadow: inset 0 0 0 1px rgba(255, 255, 255, 0.35);\n  }\n\n  .programas-ambientales-imct-card:hover {\n    transform: translateY(-6px);\n    border-color: rgba(8, 122, 67, 0.30);\n    box-shadow: 0 22px 46px rgba(0, 0, 0, 0.16);\n  }\n\n  .programas-ambientales-imct-card:focus {\n    outline: none;\n  }\n\n  .programas-ambientales-imct-card:focus-visible {\n    outline: 4px solid rgba(8, 122, 67, 0.28);\n    outline-offset: 4px;\n  }\n\n  .programas-ambientales-imct-img {\n    width: 100%;\n    height: 265px;\n    overflow: hidden;\n    flex-shrink: 0;\n    background: #e8eeeb;\n  }\n\n  .programas-ambientales-imct-img img {\n    width: 100%;\n    height: 100%;\n    display: block;\n    object-fit: cover;\n    object-position: center;\n    transition: transform 0.4s ease;\n  }\n\n  .programas-ambientales-imct-card:hover .programas-ambientales-imct-img img {\n    transform: scale(1.045);\n  }\n\n  .programas-ambientales-imct-body {\n    flex: 1;\n    min-height: 125px;\n    padding: 20px 20px 25px;\n    display: flex;\n    flex-direction: column;\n    align-items: center;\n    justify-content: center;\n    gap: 13px;\n    text-align: center;\n  }\n\n  .programas-ambientales-imct-body h3 {\n    width: 100%;\n    margin: 0;\n    color: #004225;\n    font-family: 'Nunito', Arial, Helvetica, sans-serif;\n    font-size: clamp(22px, 1.75vw, 31px);\n    font-weight: 900;\n    line-height: 1.12;\n    letter-spacing: -0.3px;\n    text-wrap: balance;\n  }\n\n  .programas-ambientales-imct-body span {\n    display: inline-flex;\n    align-items: center;\n    justify-content: center;\n    min-width: 135px;\n    min-height: 40px;\n    padding: 9px 20px;\n    border-radius: 999px;\n    background: #087a43;\n    color: #ffffff;\n    font-family: 'Nunito', Arial, Helvetica, sans-serif;\n    font-size: 13px;\n    font-weight: 900;\n    letter-spacing: 0.4px;\n    box-shadow: 0 9px 20px rgba(8, 122, 67, 0.24);\n    transition:\n      background 0.25s ease,\n      transform 0.25s ease,\n      box-shadow 0.25s ease;\n  }\n\n  .programas-ambientales-imct-card:hover .programas-ambientales-imct-body span {\n    background: #0a9350;\n    transform: translateY(-2px);\n    box-shadow: 0 13px 27px rgba(8, 122, 67, 0.34);\n  }\n\n  @media (max-width: 850px) {\n    .programas-ambientales-imct-pro {\n      max-width: 720px;\n      padding: 24px 0 34px;\n    }\n\n    .programas-ambientales-imct-grid {\n      grid-template-columns: 1fr;\n      gap: 24px;\n    }\n\n    .programas-ambientales-imct-card {\n      min-height: 365px;\n    }\n\n    .programas-ambientales-imct-img {\n      height: 245px;\n    }\n\n    .programas-ambientales-imct-body h3 {\n      font-size: 26px;\n    }\n  }\n\n  @media (max-width: 550px) {\n    .programas-ambientales-imct-pro {\n      padding: 20px 0 32px;\n    }\n\n    .programas-ambientales-imct-card {\n      min-height: 345px;\n    }\n\n    .programas-ambientales-imct-img {\n      height: 230px;\n    }\n\n    .programas-ambientales-imct-body {\n      min-height: 115px;\n      padding: 18px 18px 22px;\n    }\n\n    .programas-ambientales-imct-body h3 {\n      font-size: 23px;\n    }\n  }\n<\/style>\n","protected":false},"excerpt":{"rendered":"<p>Programa de gesti\u00f3n integral de residuos CLICK AQU\u00cd Programa de uso eficiente de agua y energ\u00eda CLICK AQU\u00cd<\/p>\n","protected":false},"author":1,"featured_media":0,"parent":0,"menu_order":0,"comment_status":"closed","ping_status":"closed","template":"","meta":{"footnotes":""},"class_list":["post-99","page","type-page","status-publish","hentry"],"_links":{"self":[{"href":"https:\/\/imct.gov.co\/gestioninstitucional\/index.php\/wp-json\/wp\/v2\/pages\/99","targetHints":{"allow":["GET"]}}],"collection":[{"href":"https:\/\/imct.gov.co\/gestioninstitucional\/index.php\/wp-json\/wp\/v2\/pages"}],"about":[{"href":"https:\/\/imct.gov.co\/gestioninstitucional\/index.php\/wp-json\/wp\/v2\/types\/page"}],"author":[{"embeddable":true,"href":"https:\/\/imct.gov.co\/gestioninstitucional\/index.php\/wp-json\/wp\/v2\/users\/1"}],"replies":[{"embeddable":true,"href":"https:\/\/imct.gov.co\/gestioninstitucional\/index.php\/wp-json\/wp\/v2\/comments?post=99"}],"version-history":[{"count":7,"href":"https:\/\/imct.gov.co\/gestioninstitucional\/index.php\/wp-json\/wp\/v2\/pages\/99\/revisions"}],"predecessor-version":[{"id":1129,"href":"https:\/\/imct.gov.co\/gestioninstitucional\/index.php\/wp-json\/wp\/v2\/pages\/99\/revisions\/1129"}],"wp:attachment":[{"href":"https:\/\/imct.gov.co\/gestioninstitucional\/index.php\/wp-json\/wp\/v2\/media?parent=99"}],"curies":[{"name":"wp","href":"https:\/\/api.w.org\/{rel}","templated":true}]}}