{"id":29,"date":"2025-09-16T11:22:53","date_gmt":"2025-09-16T16:22:53","guid":{"rendered":"https:\/\/imct.gov.co\/talentohumano\/?page_id=29"},"modified":"2026-08-25T15:24:40","modified_gmt":"2026-08-25T20:24:40","slug":"gestion-ambiental","status":"publish","type":"page","link":"https:\/\/imct.gov.co\/gestioninstitucional\/index.php\/gestion-ambiental\/","title":{"rendered":"Gesti\u00f3n ambiental"},"content":{"rendered":"\n<!-- =========================================================\n     M\u00d3DULO GESTI\u00d3N AMBIENTAL - 3 TARJETAS\n     ========================================================= -->\n\n<section class=\"gestion-ambiental-imct-pro\">\n\n  <div class=\"gestion-ambiental-imct-grid\">\n\n    <!-- TARJETA 1: POL\u00cdTICA Y NORMATIVIDAD -->\n    <a class=\"gestion-ambiental-imct-card\" href=\"https:\/\/imct.gov.co\/gestioninstitucional\/index.php\/politica-y-normatividad\/\" target=\"_self\">\n\n      <div class=\"gestion-ambiental-imct-img\">\n        <img decoding=\"async\" src=\"https:\/\/imct.gov.co\/gestioninstitucional\/wp-content\/uploads\/2026\/08\/20.Gestion-ambiental.jpg\" alt=\"Pol\u00edtica y normatividad\">\n      <\/div>\n\n      <div class=\"gestion-ambiental-imct-body\">\n        <h3>Pol\u00edtica y normatividad<\/h3>\n        <span>CLICK AQU\u00cd<\/span>\n      <\/div>\n\n    <\/a>\n\n\n    <!-- TARJETA 2: PROGRAMAS Y PROYECTOS AMBIENTALES -->\n    <a class=\"gestion-ambiental-imct-card\" href=\"https:\/\/imct.gov.co\/gestioninstitucional\/index.php\/programas-y-proyectos-ambientales\/\" target=\"_self\">\n\n      <div class=\"gestion-ambiental-imct-img\">\n        <img decoding=\"async\" src=\"https:\/\/imct.gov.co\/gestioninstitucional\/wp-content\/uploads\/2026\/08\/21.Gestion-ambiental.jpg\" alt=\"Programas y proyectos ambientales\">\n      <\/div>\n\n      <div class=\"gestion-ambiental-imct-body\">\n        <h3>Programas y proyectos ambientales<\/h3>\n        <span>CLICK AQU\u00cd<\/span>\n      <\/div>\n\n    <\/a>\n\n\n    <!-- TARJETA 3: GESTI\u00d3N DE RIESGOS AMBIENTALES -->\n    <a class=\"gestion-ambiental-imct-card\" href=\"https:\/\/imct.gov.co\/gestioninstitucional\/index.php\/gestion-de-riesgos-ambientales\/\" target=\"_self\">\n\n      <div class=\"gestion-ambiental-imct-img\">\n        <img decoding=\"async\" src=\"https:\/\/imct.gov.co\/gestioninstitucional\/wp-content\/uploads\/2026\/08\/22.Gestion-ambiental.jpg\" alt=\"Gesti\u00f3n de riesgos ambientales\">\n      <\/div>\n\n      <div class=\"gestion-ambiental-imct-body\">\n        <h3>Gesti\u00f3n de riesgos ambientales<\/h3>\n        <span>CLICK AQU\u00cd<\/span>\n      <\/div>\n\n    <\/a>\n\n  <\/div>\n\n<\/section>\n\n\n<style>\n  @import url('https:\/\/fonts.googleapis.com\/css2?family=Nunito:wght@600;700;800;900&display=swap');\n\n  .gestion-ambiental-imct-pro,\n  .gestion-ambiental-imct-pro * {\n    box-sizing: border-box;\n  }\n\n  .gestion-ambiental-imct-pro {\n    width: 100%;\n    max-width: 1500px;\n    margin: 0 auto;\n    padding: 28px 0 38px;\n    font-family: 'Nunito', Arial, Helvetica, sans-serif;\n  }\n\n  .gestion-ambiental-imct-grid {\n    width: 100%;\n    display: grid;\n    grid-template-columns: repeat(3, minmax(0, 1fr));\n    gap: 24px;\n    align-items: stretch;\n  }\n\n  .gestion-ambiental-imct-card {\n    width: 100%;\n    min-width: 0;\n    min-height: 360px;\n    margin: 0;\n    padding: 0;\n    display: flex;\n    flex-direction: column;\n    position: relative;\n    overflow: hidden;\n    background: #ffffff;\n    border: 1px solid rgba(0, 66, 37, 0.11);\n    border-radius: 21px;\n    color: inherit;\n    text-decoration: none !important;\n    cursor: pointer;\n    box-shadow: 0 13px 32px rgba(0, 0, 0, 0.11);\n    transition:\n      transform 0.25s ease,\n      box-shadow 0.25s ease,\n      border-color 0.25s ease;\n  }\n\n  .gestion-ambiental-imct-card::after {\n    content: \"\";\n    position: absolute;\n    inset: 0;\n    pointer-events: none;\n    border-radius: inherit;\n    box-shadow: inset 0 0 0 1px rgba(255, 255, 255, 0.35);\n  }\n\n  .gestion-ambiental-imct-card:hover {\n    transform: translateY(-6px);\n    border-color: rgba(8, 122, 67, 0.30);\n    box-shadow: 0 22px 46px rgba(0, 0, 0, 0.16);\n  }\n\n  .gestion-ambiental-imct-card:focus {\n    outline: none;\n  }\n\n  .gestion-ambiental-imct-card:focus-visible {\n    outline: 4px solid rgba(8, 122, 67, 0.28);\n    outline-offset: 4px;\n  }\n\n  .gestion-ambiental-imct-img {\n    width: 100%;\n    height: 250px;\n    overflow: hidden;\n    flex-shrink: 0;\n    background: #e8eeeb;\n  }\n\n  .gestion-ambiental-imct-img img {\n    width: 100%;\n    height: 100%;\n    display: block;\n    object-fit: cover;\n    object-position: center;\n    transition: transform 0.4s ease;\n  }\n\n  .gestion-ambiental-imct-card:hover .gestion-ambiental-imct-img img {\n    transform: scale(1.045);\n  }\n\n  .gestion-ambiental-imct-body {\n    flex: 1;\n    min-height: 120px;\n    padding: 20px 18px 24px;\n    display: flex;\n    flex-direction: column;\n    align-items: center;\n    justify-content: center;\n    gap: 13px;\n    text-align: center;\n  }\n\n  .gestion-ambiental-imct-body h3 {\n    width: 100%;\n    margin: 0;\n    color: #004225;\n    font-family: 'Nunito', Arial, Helvetica, sans-serif;\n    font-size: clamp(20px, 1.55vw, 28px);\n    font-weight: 900;\n    line-height: 1.12;\n    letter-spacing: -0.3px;\n    text-wrap: balance;\n  }\n\n  .gestion-ambiental-imct-body span {\n    display: inline-flex;\n    align-items: center;\n    justify-content: center;\n    min-width: 135px;\n    min-height: 40px;\n    padding: 9px 20px;\n    border-radius: 999px;\n    background: #087a43;\n    color: #ffffff;\n    font-family: 'Nunito', Arial, Helvetica, sans-serif;\n    font-size: 13px;\n    font-weight: 900;\n    letter-spacing: 0.4px;\n    box-shadow: 0 9px 20px rgba(8, 122, 67, 0.24);\n    transition:\n      background 0.25s ease,\n      transform 0.25s ease,\n      box-shadow 0.25s ease;\n  }\n\n  .gestion-ambiental-imct-card:hover .gestion-ambiental-imct-body span {\n    background: #0a9350;\n    transform: translateY(-2px);\n    box-shadow: 0 13px 27px rgba(8, 122, 67, 0.34);\n  }\n\n  @media (max-width: 1100px) {\n    .gestion-ambiental-imct-grid {\n      grid-template-columns: repeat(2, minmax(0, 1fr));\n      gap: 22px;\n    }\n\n    .gestion-ambiental-imct-img {\n      height: 245px;\n    }\n\n    .gestion-ambiental-imct-card {\n      min-height: 365px;\n    }\n  }\n\n  @media (max-width: 650px) {\n    .gestion-ambiental-imct-pro {\n      padding: 20px 0 32px;\n    }\n\n    .gestion-ambiental-imct-grid {\n      grid-template-columns: 1fr;\n      gap: 20px;\n    }\n\n    .gestion-ambiental-imct-card {\n      min-height: 350px;\n    }\n\n    .gestion-ambiental-imct-img {\n      height: 235px;\n    }\n\n    .gestion-ambiental-imct-body {\n      min-height: 115px;\n      padding: 18px 18px 22px;\n    }\n\n    .gestion-ambiental-imct-body h3 {\n      font-size: 24px;\n    }\n  }\n<\/style>\n","protected":false},"excerpt":{"rendered":"<p>Pol\u00edtica y normatividad CLICK AQU\u00cd Programas y proyectos ambientales CLICK AQU\u00cd Gesti\u00f3n de riesgos ambientales CLICK AQU\u00cd<\/p>\n","protected":false},"author":1,"featured_media":0,"parent":0,"menu_order":0,"comment_status":"closed","ping_status":"closed","template":"","meta":{"footnotes":""},"class_list":["post-29","page","type-page","status-publish","hentry"],"_links":{"self":[{"href":"https:\/\/imct.gov.co\/gestioninstitucional\/index.php\/wp-json\/wp\/v2\/pages\/29","targetHints":{"allow":["GET"]}}],"collection":[{"href":"https:\/\/imct.gov.co\/gestioninstitucional\/index.php\/wp-json\/wp\/v2\/pages"}],"about":[{"href":"https:\/\/imct.gov.co\/gestioninstitucional\/index.php\/wp-json\/wp\/v2\/types\/page"}],"author":[{"embeddable":true,"href":"https:\/\/imct.gov.co\/gestioninstitucional\/index.php\/wp-json\/wp\/v2\/users\/1"}],"replies":[{"embeddable":true,"href":"https:\/\/imct.gov.co\/gestioninstitucional\/index.php\/wp-json\/wp\/v2\/comments?post=29"}],"version-history":[{"count":13,"href":"https:\/\/imct.gov.co\/gestioninstitucional\/index.php\/wp-json\/wp\/v2\/pages\/29\/revisions"}],"predecessor-version":[{"id":1122,"href":"https:\/\/imct.gov.co\/gestioninstitucional\/index.php\/wp-json\/wp\/v2\/pages\/29\/revisions\/1122"}],"wp:attachment":[{"href":"https:\/\/imct.gov.co\/gestioninstitucional\/index.php\/wp-json\/wp\/v2\/media?parent=29"}],"curies":[{"name":"wp","href":"https:\/\/api.w.org\/{rel}","templated":true}]}}