{"id":147,"date":"2025-12-18T21:21:37","date_gmt":"2025-12-19T02:21:37","guid":{"rendered":"https:\/\/imct.gov.co\/talentohumano\/?page_id=147"},"modified":"2026-08-25T11:01:08","modified_gmt":"2026-08-25T16:01:08","slug":"seguridad-y-salud-en-el-trabajo-sst","status":"publish","type":"page","link":"https:\/\/imct.gov.co\/gestioninstitucional\/index.php\/seguridad-y-salud-en-el-trabajo-sst\/","title":{"rendered":"Seguridad y salud en el trabajo (SST)"},"content":{"rendered":"\n<!-- =========================================================\n     M\u00d3DULO SEGURIDAD Y SALUD EN EL TRABAJO SST - 9 TARJETAS\n     ========================================================= -->\n\n<section class=\"sst-imct-pro\">\n\n  <div class=\"sst-imct-grid\">\n\n    <!-- TARJETA 1: BRIGADA DE EMERGENCIA -->\n    <a class=\"sst-imct-card\" href=\"https:\/\/imct.gov.co\/wp-content\/uploads\/2026\/08\/Brigada-de-emergencia.pdf\" target=\"_blank\" rel=\"noopener noreferrer\">\n\n      <div class=\"sst-imct-img\">\n        <img decoding=\"async\" src=\"https:\/\/imct.gov.co\/gestioninstitucional\/wp-content\/uploads\/2026\/08\/10.Seguridad-y-salud-SST.jpg\" alt=\"Brigada de emergencia\">\n      <\/div>\n\n      <div class=\"sst-imct-body\">\n        <h3>Brigada de emergencia<\/h3>\n        <span>CLICK AQU\u00cd<\/span>\n      <\/div>\n\n    <\/a>\n\n\n    <!-- TARJETA 2: L\u00cdDERES DE EVACUACI\u00d3N -->\n    <a class=\"sst-imct-card\" href=\"https:\/\/imct.gov.co\/wp-content\/uploads\/2026\/08\/Lideres-de-Evacuacion-1.pdf\" target=\"_blank\" rel=\"noopener noreferrer\">\n\n      <div class=\"sst-imct-img\">\n        <img decoding=\"async\" src=\"https:\/\/imct.gov.co\/gestioninstitucional\/wp-content\/uploads\/2026\/08\/11.Seguridad-y-salud-SST.jpg\" alt=\"L\u00edderes de evacuaci\u00f3n\">\n      <\/div>\n\n      <div class=\"sst-imct-body\">\n        <h3>L\u00edderes de evacuaci\u00f3n<\/h3>\n        <span>CLICK AQU\u00cd<\/span>\n      <\/div>\n\n    <\/a>\n\n\n    <!-- TARJETA 3: PROTOCOLO DE PREVENCI\u00d3N Y ACTUACI\u00d3N DE ACOSO LABORAL Y SEXUAL -->\n    <a class=\"sst-imct-card\" href=\"https:\/\/imct.gov.co\/gestioninstitucional\/wp-content\/uploads\/2026\/06\/GTH-O-03-PROTOCOLO-DE-PREVENCION-Y-ACTUACION-DE-ACOSO-LABORAL-Y-SEXUAL-1.pdf\" target=\"_blank\" rel=\"noopener noreferrer\">\n\n      <div class=\"sst-imct-img\">\n        <img decoding=\"async\" src=\"https:\/\/imct.gov.co\/gestioninstitucional\/wp-content\/uploads\/2026\/08\/12.Seguridad-y-salud-SST.jpg\" alt=\"Protocolo de prevenci\u00f3n y actuaci\u00f3n de acoso laboral y sexual\">\n      <\/div>\n\n      <div class=\"sst-imct-body\">\n        <h3>Protocolo de prevenci\u00f3n y actuaci\u00f3n de acoso laboral y sexual<\/h3>\n        <span>CLICK AQU\u00cd<\/span>\n      <\/div>\n\n    <\/a>\n\n\n    <!-- TARJETA 4: POL\u00cdTICA DE PREVENCI\u00d3N DE CONSUMO DE ALCOHOL, TABACO Y SUSTANCIAS PSICOACTIVAS -->\n    <a class=\"sst-imct-card\" href=\"https:\/\/imct.gov.co\/gestioninstitucional\/wp-content\/uploads\/2025\/12\/Politica-de-Prevencion-de-Consumo-de-Alcohol-Tabaco-y-Sustancias-Psicoactivas.pdf\" target=\"_blank\" rel=\"noopener noreferrer\">\n\n      <div class=\"sst-imct-img\">\n        <img decoding=\"async\" src=\"https:\/\/imct.gov.co\/gestioninstitucional\/wp-content\/uploads\/2026\/08\/13.Seguridad-y-salud-SST.jpg\" alt=\"Pol\u00edtica de prevenci\u00f3n de consumo de alcohol, tabaco y sustancias psicoactivas\">\n      <\/div>\n\n      <div class=\"sst-imct-body\">\n        <h3>Pol\u00edtica de prevenci\u00f3n de consumo de alcohol, tabaco y sustancias psicoactivas<\/h3>\n        <span>CLICK AQU\u00cd<\/span>\n      <\/div>\n\n    <\/a>\n\n\n    <!-- TARJETA 5: MANUAL DE CONVIVENCIA LABORAL -->\n    <a class=\"sst-imct-card\" href=\"https:\/\/imct.gov.co\/gestioninstitucional\/wp-content\/uploads\/2025\/12\/GTH-M-01-MANUAL-DE-CONVIVENCIA-LABORAL.pdf\" target=\"_blank\" rel=\"noopener noreferrer\">\n\n      <div class=\"sst-imct-img\">\n        <img decoding=\"async\" src=\"https:\/\/imct.gov.co\/gestioninstitucional\/wp-content\/uploads\/2026\/08\/14.Seguridad-y-salud-SST.jpg\" alt=\"Manual de convivencia laboral\">\n      <\/div>\n\n      <div class=\"sst-imct-body\">\n        <h3>Manual de convivencia laboral<\/h3>\n        <span>CLICK AQU\u00cd<\/span>\n      <\/div>\n\n    <\/a>\n\n\n    <!-- TARJETA 6: PLAN DE GESTI\u00d3N DEL RIESGO IMCT -->\n    <a class=\"sst-imct-card\" href=\"https:\/\/imct.gov.co\/gestioninstitucional\/wp-content\/uploads\/2025\/12\/PLAN-DE-GESTION-DEL-RIESGO-IMCT-2025.pdf\" target=\"_blank\" rel=\"noopener noreferrer\">\n\n      <div class=\"sst-imct-img\">\n        <img decoding=\"async\" src=\"https:\/\/imct.gov.co\/gestioninstitucional\/wp-content\/uploads\/2026\/08\/15.Seguridad-y-salud-SST.jpg\" alt=\"Plan de gesti\u00f3n del riesgo IMCT\">\n      <\/div>\n\n      <div class=\"sst-imct-body\">\n        <h3>Plan de gesti\u00f3n del riesgo IMCT<\/h3>\n        <span>CLICK AQU\u00cd<\/span>\n      <\/div>\n\n    <\/a>\n\n\n    <!-- TARJETA 7: POL\u00cdTICAS Y OBJETIVOS SST -->\n    <a class=\"sst-imct-card\" href=\"https:\/\/imct.gov.co\/gestioninstitucional\/wp-content\/uploads\/2025\/12\/Politicas-y-Objetivos-SST.pdf\" target=\"_blank\" rel=\"noopener noreferrer\">\n\n      <div class=\"sst-imct-img\">\n        <img decoding=\"async\" src=\"https:\/\/imct.gov.co\/gestioninstitucional\/wp-content\/uploads\/2026\/08\/16.Seguridad-y-salud-SST.jpg\" alt=\"Pol\u00edticas y objetivos SST\">\n      <\/div>\n\n      <div class=\"sst-imct-body\">\n        <h3>Pol\u00edticas y objetivos SST<\/h3>\n        <span>CLICK AQU\u00cd<\/span>\n      <\/div>\n\n    <\/a>\n\n\n    <!-- TARJETA 8: RESOLUCIONES -->\n    <a class=\"sst-imct-card\" href=\"https:\/\/imct.gov.co\/gestioninstitucional\/index.php\/resoluciones\/\" target=\"_self\">\n\n      <div class=\"sst-imct-img\">\n        <img decoding=\"async\" src=\"https:\/\/imct.gov.co\/gestioninstitucional\/wp-content\/uploads\/2026\/08\/17.Seguridad-y-salud-SST.jpg\" alt=\"Resoluciones\">\n      <\/div>\n\n      <div class=\"sst-imct-body\">\n        <h3>Resoluciones<\/h3>\n        <span>CLICK AQU\u00cd<\/span>\n      <\/div>\n\n    <\/a>\n\n\n    <!-- TARJETA 9: ACTIVIDADES SST -->\n    <a class=\"sst-imct-card\" href=\"https:\/\/imct.gov.co\/gestioninstitucional\/index.php\/actividades-sst\/\" target=\"_self\">\n\n      <div class=\"sst-imct-img\">\n        <img decoding=\"async\" src=\"https:\/\/imct.gov.co\/gestioninstitucional\/wp-content\/uploads\/2026\/08\/18.Seguridad-y-salud-SST.jpg\" alt=\"Actividades SST\">\n      <\/div>\n\n      <div class=\"sst-imct-body\">\n        <h3>Actividades SST<\/h3>\n        <span>CLICK AQU\u00cd<\/span>\n      <\/div>\n\n    <\/a>\n\n  <\/div>\n\n<\/section>\n\n\n<style>\n  @import url('https:\/\/fonts.googleapis.com\/css2?family=Nunito:wght@600;700;800;900&display=swap');\n\n  .sst-imct-pro,\n  .sst-imct-pro * {\n    box-sizing: border-box;\n  }\n\n  .sst-imct-pro {\n    width: 100%;\n    max-width: 1600px;\n    margin: 0 auto;\n    padding: 28px 0 38px;\n    font-family: 'Nunito', Arial, Helvetica, sans-serif;\n  }\n\n  .sst-imct-grid {\n    width: 100%;\n    display: grid;\n    grid-template-columns: repeat(3, minmax(0, 1fr));\n    gap: 24px;\n    align-items: stretch;\n  }\n\n  .sst-imct-card {\n    width: 100%;\n    min-width: 0;\n    min-height: 360px;\n    margin: 0;\n    padding: 0;\n    display: flex;\n    flex-direction: column;\n    position: relative;\n    overflow: hidden;\n    background: #ffffff;\n    border: 1px solid rgba(0, 66, 37, 0.11);\n    border-radius: 21px;\n    color: inherit;\n    text-decoration: none !important;\n    cursor: pointer;\n    box-shadow: 0 13px 32px rgba(0, 0, 0, 0.11);\n    transition:\n      transform 0.25s ease,\n      box-shadow 0.25s ease,\n      border-color 0.25s ease;\n  }\n\n  .sst-imct-card::after {\n    content: \"\";\n    position: absolute;\n    inset: 0;\n    pointer-events: none;\n    border-radius: inherit;\n    box-shadow: inset 0 0 0 1px rgba(255, 255, 255, 0.35);\n  }\n\n  .sst-imct-card:hover {\n    transform: translateY(-6px);\n    border-color: rgba(8, 122, 67, 0.30);\n    box-shadow: 0 22px 46px rgba(0, 0, 0, 0.16);\n  }\n\n  .sst-imct-card:focus {\n    outline: none;\n  }\n\n  .sst-imct-card:focus-visible {\n    outline: 4px solid rgba(8, 122, 67, 0.28);\n    outline-offset: 4px;\n  }\n\n  .sst-imct-img {\n    width: 100%;\n    height: 235px;\n    overflow: hidden;\n    flex-shrink: 0;\n    background: #e8eeeb;\n  }\n\n  .sst-imct-img img {\n    width: 100%;\n    height: 100%;\n    display: block;\n    object-fit: cover;\n    object-position: center;\n    transition: transform 0.4s ease;\n  }\n\n  .sst-imct-card:hover .sst-imct-img img {\n    transform: scale(1.045);\n  }\n\n  .sst-imct-body {\n    flex: 1;\n    min-height: 125px;\n    padding: 18px 16px 22px;\n    display: flex;\n    flex-direction: column;\n    align-items: center;\n    justify-content: center;\n    gap: 13px;\n    text-align: center;\n  }\n\n  .sst-imct-body h3 {\n    width: 100%;\n    margin: 0;\n    color: #004225;\n    font-family: 'Nunito', Arial, Helvetica, sans-serif;\n    font-size: clamp(18px, 1.25vw, 23px);\n    font-weight: 900;\n    line-height: 1.14;\n    letter-spacing: -0.2px;\n    text-wrap: balance;\n  }\n\n  .sst-imct-body span {\n    display: inline-flex;\n    align-items: center;\n    justify-content: center;\n    min-width: 135px;\n    min-height: 40px;\n    padding: 9px 20px;\n    border-radius: 999px;\n    background: #087a43;\n    color: #ffffff;\n    font-family: 'Nunito', Arial, Helvetica, sans-serif;\n    font-size: 13px;\n    font-weight: 900;\n    letter-spacing: 0.4px;\n    box-shadow: 0 9px 20px rgba(8, 122, 67, 0.24);\n    transition:\n      background 0.25s ease,\n      transform 0.25s ease,\n      box-shadow 0.25s ease;\n  }\n\n  .sst-imct-card:hover .sst-imct-body span {\n    background: #0a9350;\n    transform: translateY(-2px);\n    box-shadow: 0 13px 27px rgba(8, 122, 67, 0.34);\n  }\n\n  @media (max-width: 1100px) {\n    .sst-imct-grid {\n      grid-template-columns: repeat(2, minmax(0, 1fr));\n      gap: 22px;\n    }\n\n    .sst-imct-img {\n      height: 240px;\n    }\n\n    .sst-imct-card {\n      min-height: 365px;\n    }\n  }\n\n  @media (max-width: 650px) {\n    .sst-imct-pro {\n      padding: 20px 0 32px;\n    }\n\n    .sst-imct-grid {\n      grid-template-columns: 1fr;\n      gap: 20px;\n    }\n\n    .sst-imct-card {\n      min-height: 345px;\n    }\n\n    .sst-imct-img {\n      height: 230px;\n    }\n\n    .sst-imct-body {\n      min-height: 115px;\n      padding: 18px 18px 22px;\n    }\n\n    .sst-imct-body h3 {\n      font-size: 22px;\n    }\n  }\n<\/style>\n","protected":false},"excerpt":{"rendered":"<p>Brigada de emergencia CLICK AQU\u00cd L\u00edderes de evacuaci\u00f3n CLICK AQU\u00cd Protocolo de prevenci\u00f3n y actuaci\u00f3n de acoso laboral y sexual CLICK AQU\u00cd Pol\u00edtica de prevenci\u00f3n de consumo de alcohol, tabaco y sustancias psicoactivas CLICK AQU\u00cd Manual de convivencia laboral CLICK AQU\u00cd Plan de gesti\u00f3n del riesgo IMCT CLICK AQU\u00cd Pol\u00edticas y objetivos SST CLICK AQU\u00cd [&hellip;]<\/p>\n","protected":false},"author":1,"featured_media":0,"parent":0,"menu_order":0,"comment_status":"closed","ping_status":"closed","template":"","meta":{"footnotes":""},"class_list":["post-147","page","type-page","status-publish","hentry"],"_links":{"self":[{"href":"https:\/\/imct.gov.co\/gestioninstitucional\/index.php\/wp-json\/wp\/v2\/pages\/147","targetHints":{"allow":["GET"]}}],"collection":[{"href":"https:\/\/imct.gov.co\/gestioninstitucional\/index.php\/wp-json\/wp\/v2\/pages"}],"about":[{"href":"https:\/\/imct.gov.co\/gestioninstitucional\/index.php\/wp-json\/wp\/v2\/types\/page"}],"author":[{"embeddable":true,"href":"https:\/\/imct.gov.co\/gestioninstitucional\/index.php\/wp-json\/wp\/v2\/users\/1"}],"replies":[{"embeddable":true,"href":"https:\/\/imct.gov.co\/gestioninstitucional\/index.php\/wp-json\/wp\/v2\/comments?post=147"}],"version-history":[{"count":12,"href":"https:\/\/imct.gov.co\/gestioninstitucional\/index.php\/wp-json\/wp\/v2\/pages\/147\/revisions"}],"predecessor-version":[{"id":1117,"href":"https:\/\/imct.gov.co\/gestioninstitucional\/index.php\/wp-json\/wp\/v2\/pages\/147\/revisions\/1117"}],"wp:attachment":[{"href":"https:\/\/imct.gov.co\/gestioninstitucional\/index.php\/wp-json\/wp\/v2\/media?parent=147"}],"curies":[{"name":"wp","href":"https:\/\/api.w.org\/{rel}","templated":true}]}}