{"id":867,"date":"2025-10-01T14:43:54","date_gmt":"2025-10-01T14:43:54","guid":{"rendered":"https:\/\/imct.gov.co\/circuito\/?page_id=867"},"modified":"2026-03-05T19:41:42","modified_gmt":"2026-03-05T19:41:42","slug":"latifundio","status":"publish","type":"page","link":"https:\/\/imct.gov.co\/circuito\/index.php\/latifundio\/","title":{"rendered":"Circuito tierra y caf\u00e9"},"content":{"rendered":"\n<video src=\"https:\/\/imct.gov.co\/wp-content\/uploads\/2026\/03\/IMG_2920-1-Compressed-with-FlexClip-Compressed-with-FlexClip-1-Compressed-with-FlexClip.mp4\" \n       controls autoplay muted playsinline \n       style=\"max-width: 100%; height: auto; border-radius: 12px; box-shadow: 0 4px 12px rgba(0, 0, 0, 0.4); display: block; margin: 0 auto;\">\n  Tu navegador no soporta la reproducci\u00f3n de video.\n<\/video>\n\n\n\n<p>Prep\u00e1rate para sumergirte en una experiencia \u00fanica que recorre los sectores de Cabecera del Llano y Sotomayor de la ciudad bonita. El Circuito Tierra y caf\u00e9, es un verdadero viaje en el tiempo por lo que fueron los cafetales en este sector.<br>Entre haciendas caficultoras y el legado de la familia Puyana, descubrir\u00e1s la memoria cultural y patrimonial de Bucaramanga, contada con la picard\u00eda y el encanto de sus protagonistas. Un recorrido con aroma a caf\u00e9, esculturas emblem\u00e1ticas, casonas antiguas y chismes de anta\u00f1o, recorrer\u00e1s desde el Parque Los Sarrapios hasta el Parque Sol\u00f3n Wilches para comprobar por qu\u00e9 las leyendas no mueren mientras haya quien las cuente.<\/p>\n\n\n\n<div class=\"info-bloque\">\n  <div class=\"col\">\n    <p>\ud83d\udd70\ufe0f <strong>Duraci\u00f3n:<\/strong> 3 horas<\/p>\n    <p>\ud83d\udccd <strong>Punto de encuentro:<\/strong> Parque Los Sarrapios<\/p>\n  <\/div>\n  <div class=\"col\">\n    <p>\ud83d\udcc6 <strong>Disponibilidad:<\/strong> Domingos, 2:00 p.m.<\/p>\n    <p>\ud83d\udcb0 <strong>Actividad gratuita con inscripci\u00f3n previa<\/strong><\/p>\n  <\/div>\n<\/div>\n\n<style>\n.info-bloque {\n  background-color: #c3ffba;\n  border-radius: 16px;\n  display: flex;\n  flex-wrap: wrap;\n  justify-content: space-between;\n  gap: 20px;\n  padding: 30px 40px;\n  margin: 30px auto;\n  width: 90%;\n  max-width: 1000px;\n  box-sizing: border-box;\n}\n\n.info-bloque .col {\n  flex: 1 1 45%;\n}\n\n.info-bloque p {\n  margin: 6px 0;\n  font-size: 1.1rem;\n  line-height: 1.5;\n}\n\n\/* versi\u00f3n m\u00f3vil *\/\n@media (max-width: 768px) {\n  .info-bloque {\n    flex-direction: column;\n    width: 95%;\n    padding: 25px;\n  }\n  .info-bloque .col {\n    flex: 1 1 100%;\n  }\n}\n<\/style>\n\n\n\n<div class=\"wp-block-buttons is-content-justification-center is-layout-flex wp-container-core-buttons-is-layout-d1b2a1a5 wp-block-buttons-is-layout-flex\" style=\"border-style:none;border-width:0px;border-radius:0px;margin-top:var(--wp--preset--spacing--30);margin-bottom:var(--wp--preset--spacing--30);padding-top:0;padding-right:0;padding-bottom:0;padding-left:0\">\n<div class=\"wp-block-button\"><a class=\"wp-block-button__link wp-element-button\" href=\"https:\/\/forms.office.com\/pages\/responsepage.aspx?id=hcUkeopfuk2KPtOdGX2Wzsqh5jUDKwRPsZB4Mq2fiqxUNFY1TTRYVFNHSFQwR09ZNkRHRUtRNlNLRy4u&amp;origin=lprLink&amp;route=shorturl\">INSCRIBIRME AL CIRCUITO TIERRA Y CAF\u00c9<\/a><\/div>\n<\/div>\n\n\n\n<h1 class=\"wp-block-heading has-text-align-center\">\u00a1Nuestro recorrido!<\/h1>\n\n\n\n<figure class=\"wp-block-image size-full\"><img loading=\"lazy\" decoding=\"async\" width=\"970\" height=\"720\" src=\"https:\/\/imct.gov.co\/circuito\/wp-content\/uploads\/2026\/02\/tierra.png\" alt=\"\" class=\"wp-image-965\" srcset=\"https:\/\/imct.gov.co\/circuito\/wp-content\/uploads\/2026\/02\/tierra.png 970w, https:\/\/imct.gov.co\/circuito\/wp-content\/uploads\/2026\/02\/tierra-300x223.png 300w, https:\/\/imct.gov.co\/circuito\/wp-content\/uploads\/2026\/02\/tierra-768x570.png 768w\" sizes=\"auto, (max-width: 970px) 100vw, 970px\" \/><\/figure>\n\n\n\n<h2 class=\"titulo-aliados-imct\">Aliados estrat\u00e9gicos<\/h2>\n<br>\n\n<div class=\"menu-grid-6imct\">\n  <div class=\"menu-grid-6imct__item\">\n    <img decoding=\"async\" src=\"https:\/\/imct.gov.co\/circuito\/wp-content\/uploads\/2026\/02\/DON-JACOBO-ROJO.png\" alt=\"Casa del Libro Total\">\n  <\/div>\n\n  <div class=\"menu-grid-6imct__item\">\n    <img decoding=\"async\" src=\"https:\/\/imct.gov.co\/circuito\/wp-content\/uploads\/2026\/02\/ALMO-TRADICION.jpg\" alt=\"Aliado estrat\u00e9gico 2\">\n  <\/div>\n<\/div>\n\n<style>\n\/* ===== T\u00cdTULO ===== *\/\n.titulo-aliados-imct{\n  font-family: 'Poppins', Arial, sans-serif;\n  text-align: center;\n  font-size: 32px;\n  font-weight: 600;\n  color: #878686;\n  margin: 10px 0 18px 0;\n}\n\n\/* ===== CONTENEDOR ===== *\/\n.menu-grid-6imct{\n  background:#f3f4f6;\n  border-top:5px solid #C4C4C4;\n  border-bottom:5px solid #C4C4C4;\n  border-radius:14px;\n  padding:18px 16px;\n  max-width:1400px;\n  margin:20px auto;\n  box-shadow:0 6px 20px rgba(0,0,0,.08);\n\n  display:grid !important;\n  grid-template-columns: repeat(auto-fit, minmax(180px, 180px)) !important;\n  justify-content: center;       \/* centra las 2 im\u00e1genes *\/\n  gap:14px;\n}\n\n\/* ===== TARJETAS ===== *\/\n.menu-grid-6imct__item{\n  background:#fff;\n  border-radius:12px;\n  padding:10px;\n  box-shadow:0 4px 14px rgba(0,0,0,.10);\n\n  display:flex;\n  align-items:center;\n  justify-content:center;\n  min-height:90px;\n}\n\n\/* ===== IM\u00c1GENES ===== *\/\n.menu-grid-6imct__item img{\n  width:100%;\n  max-height:90px;\n  object-fit:contain;\n  display:block;\n}\n\n\/* ===== RESPONSIVE ===== *\/\n@media (max-width: 1024px){\n  .menu-grid-6imct{\n    grid-template-columns: repeat(auto-fit, minmax(160px, 160px)) !important;\n  }\n  .menu-grid-6imct__item img{\n    max-height:110px;\n  }\n}\n\n@media (max-width: 640px){\n  .menu-grid-6imct{\n    grid-template-columns: repeat(auto-fit, minmax(140px, 140px)) !important;\n  }\n}\n<\/style>\n","protected":false},"excerpt":{"rendered":"<p>Tu navegador no soporta la reproducci\u00f3n de video. Prep\u00e1rate para sumergirte en una experiencia \u00fanica que recorre los sectores de Cabecera del Llano y Sotomayor de la ciudad bonita. El Circuito Tierra y caf\u00e9, es un verdadero viaje en el tiempo por lo que fueron los cafetales en este sector.Entre haciendas caficultoras y el legado [&hellip;]<\/p>\n","protected":false},"author":1,"featured_media":0,"parent":0,"menu_order":0,"comment_status":"closed","ping_status":"closed","template":"","meta":{"footnotes":""},"class_list":["post-867","page","type-page","status-publish","hentry"],"_links":{"self":[{"href":"https:\/\/imct.gov.co\/circuito\/index.php\/wp-json\/wp\/v2\/pages\/867","targetHints":{"allow":["GET"]}}],"collection":[{"href":"https:\/\/imct.gov.co\/circuito\/index.php\/wp-json\/wp\/v2\/pages"}],"about":[{"href":"https:\/\/imct.gov.co\/circuito\/index.php\/wp-json\/wp\/v2\/types\/page"}],"author":[{"embeddable":true,"href":"https:\/\/imct.gov.co\/circuito\/index.php\/wp-json\/wp\/v2\/users\/1"}],"replies":[{"embeddable":true,"href":"https:\/\/imct.gov.co\/circuito\/index.php\/wp-json\/wp\/v2\/comments?post=867"}],"version-history":[{"count":8,"href":"https:\/\/imct.gov.co\/circuito\/index.php\/wp-json\/wp\/v2\/pages\/867\/revisions"}],"predecessor-version":[{"id":1026,"href":"https:\/\/imct.gov.co\/circuito\/index.php\/wp-json\/wp\/v2\/pages\/867\/revisions\/1026"}],"wp:attachment":[{"href":"https:\/\/imct.gov.co\/circuito\/index.php\/wp-json\/wp\/v2\/media?parent=867"}],"curies":[{"name":"wp","href":"https:\/\/api.w.org\/{rel}","templated":true}]}}