{"id":722,"date":"2025-07-10T22:21:33","date_gmt":"2025-07-10T22:21:33","guid":{"rendered":"https:\/\/imct.gov.co\/circuito\/?page_id=722"},"modified":"2026-03-04T02:01:27","modified_gmt":"2026-03-04T02:01:27","slug":"origenes","status":"publish","type":"page","link":"https:\/\/imct.gov.co\/circuito\/index.php\/origenes\/","title":{"rendered":"Circuito de los Or\u00edgenes"},"content":{"rendered":"\n<div class=\"wp-block-columns is-layout-flex wp-container-core-columns-is-layout-28f84493 wp-block-columns-is-layout-flex\">\n<div class=\"wp-block-column is-layout-flow wp-block-column-is-layout-flow\">\n<div class=\"wp-block-columns is-layout-flex wp-container-core-columns-is-layout-28f84493 wp-block-columns-is-layout-flex\">\n<div class=\"wp-block-column is-layout-flow wp-block-column-is-layout-flow\">\n<video src=\"https:\/\/imct.gov.co\/pro_totem\/wp-content\/uploads\/2026\/03\/Circuito-Origenes-Promo-Compressed-with-FlexClip.mp4\" \n       controls autoplay muted playsinline \n       style=\"max-width: 100%; height: auto; border-radius: 12px; box-shadow: 0 4px 12px rgba(0, 0, 0, 0.4); display: block; margin: 0 auto;\">\n  Tu navegador no soporta la reproducci\u00f3n de video.\n<\/video>\n\n\n\n<div class=\"wp-block-buttons is-content-justification-center is-layout-flex wp-container-core-buttons-is-layout-a89b3969 wp-block-buttons-is-layout-flex\">\n<div class=\"wp-block-button\"><a class=\"wp-block-button__link wp-element-button\" href=\"https:\/\/forms.office.com\/pages\/responsepage.aspx?id=hcUkeopfuk2KPtOdGX2Wzsqh5jUDKwRPsZB4Mq2fiqxUMEhHNEg2QzFKWlJZRlRNMEM5U1ZBWjRFSi4u&amp;origin=lprLink&amp;route=shorturl\">INSCRIBIRME AL CIRCUITO DE LOS OR\u00cdGENES<\/a><\/div>\n<\/div>\n\n\n\n<div class=\"wp-block-columns is-layout-flex wp-container-core-columns-is-layout-28f84493 wp-block-columns-is-layout-flex\">\n<div class=\"wp-block-column is-layout-flow wp-block-column-is-layout-flow\">\n<style>\n  .contenedor-externo {\n    background-color: #c3ffba;\n    border-radius: 20px;\n    padding: 30px 20px;\n    max-width: 700px;\n    margin: 0 auto 40px;\n    box-shadow: 0 4px 12px rgba(0,0,0,0.05);\n  }\n\n  .contenedor-circuito {\n    font-family: 'Albert Sans', sans-serif;\n  }\n\n  .contenedor-circuito h2 {\n    color: #00c851;\n    font-size: 1.8rem;\n    margin-bottom: 10px;\n  }\n\n  .contenedor-circuito p {\n    color: #333;\n    margin-bottom: 25px;\n    font-size: 1rem;\n    line-height: 1.5;\n  }\n\n  .bloque-circuito {\n    display: flex;\n    align-items: center;\n    background-color: white;\n    border-radius: 16px;\n    padding: 20px;\n    margin-bottom: 15px;\n    box-shadow: 0 0 5px rgba(0,0,0,0.05);\n    transition: background-color 0.3s ease;\n    cursor: pointer;\n  }\n\n  .bloque-circuito:hover {\n    background-color: #f2fff2;\n  }\n\n  .bloque-circuito img {\n    width: 50px;\n    height: 50px;\n    margin-right: 20px;\n  }\n\n  .bloque-circuito h4 {\n    margin: 0;\n    font-size: 1rem;\n    font-weight: bold;\n    color: #1d1d1d;\n    text-decoration: underline;\n  }\n\n  .bloque-circuito span {\n    display: block;\n    font-size: 0.95rem;\n    color: #555;\n    margin-top: 5px;\n  }\n\n  .btn-circuito {\n    display: block;\n    text-align: center;\n    background-color: #00c851;\n    color: white;\n    font-weight: bold;\n    font-size: 1.1rem;\n    border-radius: 16px;\n    padding: 18px 30px;\n    text-decoration: none;\n    margin-top: 20px;\n    transition: background-color 0.3s ease;\n  }\n\n  .btn-circuito:hover {\n    background-color: #00b140;\n  }\n\n  \/* Modal *\/\n  .modal-overlay {\n    display: none;\n    position: fixed;\n    top: 0;\n    left: 0;\n    width: 100%;\n    height: 100%;\n    background-color: rgba(0,0,0,0.6);\n    z-index: 999;\n    justify-content: center;\n    align-items: center;\n  }\n\n  .modal {\n    background: white;\n    padding: 25px 30px;\n    border-radius: 12px;\n    max-width: 90%;\n    width: 400px;\n    font-family: 'Albert Sans', sans-serif;\n    color: #333;\n    box-shadow: 0 10px 30px rgba(0,0,0,0.2);\n    text-align: center;\n    position: relative;\n  }\n\n  .modal-close {\n    position: absolute;\n    top: 10px;\n    right: 15px;\n    font-size: 1.2rem;\n    cursor: pointer;\n    color: #888;\n  }\n\n  .modal-close:hover {\n    color: #000;\n  }\n<\/style>\n\n<div class=\"contenedor-externo\">\n  <div class=\"contenedor-circuito\">\n    <h2>\u00a1Un plan imperdible!<\/h2>\n    <p>\n      Conocer\u00e1s lugares como la Casa del Libro Total, la Capilla de los Dolores y el Parque Garc\u00eda Rovira. Adem\u00e1s, deleitar\u00e1s el paladar con los manjares de nuestra regi\u00f3n.\n    <\/p>\n\n    <a href=\"https:\/\/forms.office.com\/pages\/responsepage.aspx?id=hcUkeopfuk2KPtOdGX2Wzsqh5jUDKwRPsZB4Mq2fiqxUMEhHNEg2QzFKWlJZRlRNMEM5U1ZBWjRFSi4u&#038;origin=lprLink&#038;route=shorturl\" style=\"text-decoration: none;\">\n      <div class=\"bloque-circuito\">\n        <img decoding=\"async\" src=\"https:\/\/imct.gov.co\/circuito\/wp-content\/uploads\/2025\/03\/CIVIL_479f3ba1-b2d2-4fd4-9290-8f23500c06f2_600x.webp\" alt=\"Icono\">\n        <div>\n          <h4>Circuito S\u00e1bados<\/h4>\n          <span>Soy una persona particular y quiero asistir al circuito (D\u00eda s\u00e1bado)<\/span>\n        <\/div>\n      <\/div>\n    <\/a>\n\n    <div class=\"bloque-circuito\" onclick=\"document.getElementById('modalEntidad').style.display='flex';\">\n      <img decoding=\"async\" src=\"https:\/\/imct.gov.co\/circuito\/wp-content\/uploads\/2025\/03\/icon2-1.png\" alt=\"Icono\">\n      <div>\n        <h4>Colegios \/ Universidades y entidades<\/h4>\n        <span>Somos una entidad, colegio o universidad, y queremos reservar<\/span>\n      <\/div>\n    <\/div>\n\n    <a class=\"btn-circuito\" href=\"https:\/\/imct.gov.co\/circuito\/index.php\/recorrido-2\/\">Conoce todos los detalles e itinerario<\/a>\n  <\/div>\n<\/div>\n\n<!-- Modal -->\n<div id=\"modalEntidad\" class=\"modal-overlay\" onclick=\"this.style.display='none'\">\n  <div class=\"modal\" onclick=\"event.stopPropagation()\">\n    <span class=\"modal-close\" onclick=\"document.getElementById('modalEntidad').style.display='none'\">&times;<\/span>\n    <p style=\"margin-bottom: 0;\">\n      Para programar su recorrido como entidad, universidad o colegio, favor realizar su solicitud al correo:<br><br>\n      <strong>contactenos@imct.gov.co<\/strong><br><br>\n      \u00a1Gracias, los esperamos!\n    <\/p>\n  <\/div>\n<\/div>\n\n<script>\n  \/\/ Cierra el modal si se presiona ESC\n  document.addEventListener('keydown', function(e) {\n    if (e.key === \"Escape\") {\n      document.getElementById('modalEntidad').style.display = 'none';\n    }\n  });\n<\/script>\n<\/div>\n\n\n\n<div class=\"wp-block-column is-layout-flow wp-block-column-is-layout-flow\"><style id=\"wp_carousel_dynamic_css140\">.sp-wp-carousel-free-id-140.wpcf-fancybox-wrapper .fancybox-bg{background: #0b0b0b;opacity: 0.8;}.sp-wp-carousel-free-id-140.wpcf-fancybox-wrapper .fancybox-navigation .fancybox-button .wpcp-fancybox-nav-arrow i {color: #ccc;}.sp-wp-carousel-free-id-140.wpcf-fancybox-wrapper .fancybox-navigation .fancybox-button .wpcp-fancybox-nav-arrow i:hover {color: #fff;}.sp-wp-carousel-free-id-140.wpcf-fancybox-wrapper .fancybox-navigation .fancybox-button {background: #1e1e1e;}.sp-wp-carousel-free-id-140.wpcf-fancybox-wrapper .fancybox-navigation .fancybox-button:hover {background: #1e1e1e;}#sp-wp-carousel-free-id-140 .wpcp-swiper-dots {margin: 30px 0px 0px 0px;}.wpcp-wrapper-140 .swiper-wrapper .swiper-slide-kenburn, .wpcp-wrapper-140 .swiper-wrapper, .wpcp-wrapper-140 .wpcpro-row{align-items: center;}#sp-wp-carousel-free-id-140 .wpcp-single-item {box-shadow: 0px 0px 0px 0px #dddddd;transition: all .3s;margin: 0px;}#sp-wp-carousel-free-id-140.swiper-flip .wpcp-single-item{margin: 0!important;}#sp-wp-carousel-free-id-140 .wpcp-single-item:hover {box-shadow: 0px 0px 0px 0px #dddddd;}#sp-wp-carousel-free-id-140.sp-wpcp-140 .wpcp-single-item {border: 1px solid #dddddd;}#sp-wp-carousel-free-id-140.wpcp-carousel-section.sp-wpcp-140 .swiper-button-prev,#sp-wp-carousel-free-id-140.wpcp-carousel-section.sp-wpcp-140 .swiper-button-next,#sp-wp-carousel-free-id-140.wpcp-carousel-section.sp-wpcp-140 .swiper-button-prev:hover,#sp-wp-carousel-free-id-140.wpcp-carousel-section.sp-wpcp-140 .swiper-button-next:hover {font-size: 18px ; font-weight: 400;}#sp-wp-carousel-free-id-140.sp-wpcp-140 .swiper-button-prev,#sp-wp-carousel-free-id-140.sp-wpcp-140 .swiper-button-next,#sp-wp-carousel-free-id-140.sp-wpcp-140 .swiper-button-prev:hover,#sp-wp-carousel-free-id-140.sp-wpcp-140 .swiper-button-next:hover {background: none;border: none;font-size: 30px;}#sp-wp-carousel-free-id-140.sp-wpcp-140 .swiper-button-prev i,#sp-wp-carousel-free-id-140.sp-wpcp-140 .swiper-button-next i {color: #aaa;}#sp-wp-carousel-free-id-140.sp-wpcp-140 .swiper-button-prev i:hover,#sp-wp-carousel-free-id-140.sp-wpcp-140 .swiper-button-next i:hover {color: #178087;}#sp-wp-carousel-free-id-140.sp-wpcp-140 .wpcp-swiper-dots .swiper-pagination-bullet {background-color: #066000;}#sp-wp-carousel-free-id-140.sp-wpcp-140 .wpcp-swiper-dots .swiper-pagination-bullet.swiper-pagination-bullet-active {background-color: #ffffff;} #sp-wp-carousel-free-id-140.sp-wpcp-140.wpcp-image-carousel .wpcp-single-item:hover img, #sp-wp-carousel-free-id-140.sp-wpcp-140.wpcp-post-carousel .wpcp-single-item:hover img, #sp-wp-carousel-free-id-140.sp-wpcp-140.wpcp-product-carousel .wpcp-single-item:hover img{-webkit-transform: scale(1.2);-moz-transform: scale(1.2);transform: scale(1.2);}#sp-wp-carousel-free-id-140 .wpcpro-row>[class*=\"wpcpro-col-\"] { padding: 0 7.5px; padding-bottom: 10px;} #sp-wp-carousel-free-id-140 .swiper-slide .single-item-fade:not(:last-child) { margin-right: 15px;}@media (min-width: 480px) { .wpcpro-row .wpcpro-col-sm-1 { flex: 0 0 100%; max-width: 100%; } .wpcpro-row .wpcpro-col-sm-2 { flex: 0 0 50%; max-width: 50%; } .wpcpro-row .wpcpro-col-sm-2-5 { flex: 0 0 75%; max-width: 75%; } .wpcpro-row .wpcpro-col-sm-3 { flex: 0 0 33.333%; max-width: 33.333%; } .wpcpro-row .wpcpro-col-sm-4 { flex: 0 0 25%; max-width: 25%; } .wpcpro-row .wpcpro-col-sm-5 { flex: 0 0 20%; max-width: 20%; } .wpcpro-row .wpcpro-col-sm-6 { flex: 0 0 16.66666666666667%; max-width: 16.66666666666667%; } .wpcpro-row .wpcpro-col-sm-7 { flex: 0 0 14.28571428%; max-width: 14.28571428%; } .wpcpro-row .wpcpro-col-sm-8 { flex: 0 0 12.5%; max-width: 12.5%; } } @media (max-width: 480px) { .wpcpro-row .wpcpro-col-xs-1 { flex: 0 0 100%; max-width: 100%; } .wpcpro-row .wpcpro-col-xs-2 { flex: 0 0 50%; max-width: 50%; } .wpcpro-row .wpcpro-col-xs-3 { flex: 0 0 33.222%; max-width: 33.222%; } .wpcpro-row .wpcpro-col-xs-4 { flex: 0 0 25%; max-width: 25%; } .wpcpro-row .wpcpro-col-xs-5 { flex: 0 0 20%; max-width: 20%; } .wpcpro-row .wpcpro-col-xs-6 { flex: 0 0 16.6667%; max-width: 16.6667%; } .wpcpro-row .wpcpro-col-xs-7 { flex: 0 0 14.28571428%; max-width: 14.28571428%; } .wpcpro-row .wpcpro-col-xs-8 { flex: 0 0 12.5%; max-width: 12.5%; } } @media (min-width: 736px) { .wpcpro-row .wpcpro-col-md-1 { flex: 0 0 100%; max-width: 100%; } .wpcpro-row .wpcpro-col-md-2 { flex: 0 0 50%; max-width: 50%; } .wpcpro-row .wpcpro-col-md-2-5 { flex: 0 0 75%; max-width: 75%; } .wpcpro-row .wpcpro-col-md-3 { flex: 0 0 33.333%; max-width: 33.333%; } .wpcpro-row .wpcpro-col-md-4 { flex: 0 0 25%; max-width: 25%; } .wpcpro-row .wpcpro-col-md-5 { flex: 0 0 20%; max-width: 20%; } .wpcpro-row .wpcpro-col-md-6 { flex: 0 0 16.66666666666667%; max-width: 16.66666666666667%; } .wpcpro-row .wpcpro-col-md-7 { flex: 0 0 14.28571428%; max-width: 14.28571428%; } .wpcpro-row .wpcpro-col-md-8 { flex: 0 0 12.5%; max-width: 12.5%; } } @media (min-width: 980px) { .wpcpro-row .wpcpro-col-lg-1 { flex: 0 0 100%; max-width: 100%; } .wpcpro-row .wpcpro-col-lg-2 { flex: 0 0 50%; max-width: 50%; } .wpcpro-row .wpcpro-col-lg-3 { flex: 0 0 33.222%; max-width: 33.222%; } .wpcpro-row .wpcpro-col-lg-4 { flex: 0 0 25%; max-width: 25%; } .wpcpro-row .wpcpro-col-lg-5 { flex: 0 0 20%; max-width: 20%; } .wpcpro-row .wpcpro-col-lg-6 { flex: 0 0 16.6667%; max-width: 16.6667%; } .wpcpro-row .wpcpro-col-lg-7 { flex: 0 0 14.28571428%; max-width: 14.28571428%; } .wpcpro-row .wpcpro-col-lg-8 { flex: 0 0 12.5%; max-width: 12.5%; } } @media (min-width: 1200px) { .wpcpro-row .wpcpro-col-xl-1 { flex: 0 0 100%; max-width: 100%; } .wpcpro-row .wpcpro-col-xl-2 { flex: 0 0 50%; max-width: 50%; } .wpcpro-row .wpcpro-col-xl-3 { flex: 0 0 33.22222222%; max-width: 33.22222222%; } .wpcpro-row .wpcpro-col-xl-4 { flex: 0 0 25%; max-width: 25%; } .wpcpro-row .wpcpro-col-xl-5 { flex: 0 0 20%; max-width: 20%; } .wpcpro-row .wpcpro-col-xl-6 { flex: 0 0 16.66667%; max-width: 16.66667%; } .wpcpro-row .wpcpro-col-xl-7 { flex: 0 0 14.28571428%; max-width: 14.28571428%; } .wpcpro-row .wpcpro-col-xl-8 { flex: 0 0 12.5%; max-width: 12.5%; } }<\/style><div class=\"wpcp-carousel-wrapper wpcp-wrapper-140\">\n\t<div id=\"wpcp-preloader-140\" class=\"wpcp-carousel-preloader\"><img decoding=\"async\" src=\"https:\/\/imct.gov.co\/circuito\/wp-content\/plugins\/wp-carousel-free\/public\/css\/spinner.svg\" alt=\"Preloader Image\" \/><\/div>\t<div id=\"sp-wp-carousel-free-id-140\" class=\"wpcp-carousel-section sp-wpcp-140 wpcp-gallery-wrapper wpcp-image-carousel wpcp-preloader\" >\n\t\t<div class=\"wpcpro-row\">\n\t\t\t<div class=\"wpcpro-col-xs-3 wpcpro-col-sm-2  wpcpro-col-md-3 wpcpro-col-lg-4 wpcpro-col-xl-2\">\n\t<div class=\"wpcp-single-item\">\n\t\t\t<a class=\"wcp-light-box\" data-buttons='[\"close\"]' data-wpc_url='https:\/\/imct.gov.co\/circuito\/wp-content\/uploads\/2025\/03\/8-de-Marzo-de-2024-FOTOGRAFIA-2-Circuito-de-los-Origenes-scaled.jpg' href=\"https:\/\/imct.gov.co\/circuito\/wp-content\/uploads\/2025\/03\/8-de-Marzo-de-2024-FOTOGRAFIA-2-Circuito-de-los-Origenes-scaled.jpg\" data-fancybox=\"wpcp_view\">\n\t\t<figure>\n\t\t\t<img loading=\"lazy\" decoding=\"async\" class=\"skip-lazy\" src=\"https:\/\/imct.gov.co\/circuito\/wp-content\/uploads\/2025\/03\/8-de-Marzo-de-2024-FOTOGRAFIA-2-Circuito-de-los-Origenes-scaled.jpg\" alt=\"8 de Marzo de 2024 - FOTOGRAFIA 2 Circuito de los Origenes.\" width=\"2560\" height=\"1920\">\t\t<\/figure>\n\t<\/a>\n\t\t<\/div>\n<\/div>\n\t<div class=\"wpcpro-col-xs-3 wpcpro-col-sm-2  wpcpro-col-md-3 wpcpro-col-lg-4 wpcpro-col-xl-2\">\n\t<div class=\"wpcp-single-item\">\n\t\t\t<a class=\"wcp-light-box\" data-buttons='[\"close\"]' data-wpc_url='https:\/\/imct.gov.co\/circuito\/wp-content\/uploads\/2025\/03\/21-de-febrero-de-2025-FOTOGRAFIA-1-Circuito-de-los-Origenes-scaled.jpg' href=\"https:\/\/imct.gov.co\/circuito\/wp-content\/uploads\/2025\/03\/21-de-febrero-de-2025-FOTOGRAFIA-1-Circuito-de-los-Origenes-scaled.jpg\" data-fancybox=\"wpcp_view\">\n\t\t<figure>\n\t\t\t<img loading=\"lazy\" decoding=\"async\" class=\"skip-lazy\" src=\"https:\/\/imct.gov.co\/circuito\/wp-content\/uploads\/2025\/03\/21-de-febrero-de-2025-FOTOGRAFIA-1-Circuito-de-los-Origenes-scaled.jpg\" alt=\"21 de febrero de 2025 - FOTOGRAFIA 1 Circuito de los Or\u00edgenes.\" width=\"2560\" height=\"1920\">\t\t<\/figure>\n\t<\/a>\n\t\t<\/div>\n<\/div>\n\t<div class=\"wpcpro-col-xs-3 wpcpro-col-sm-2  wpcpro-col-md-3 wpcpro-col-lg-4 wpcpro-col-xl-2\">\n\t<div class=\"wpcp-single-item\">\n\t\t\t<a class=\"wcp-light-box\" data-buttons='[\"close\"]' data-wpc_url='https:\/\/imct.gov.co\/circuito\/wp-content\/uploads\/2025\/03\/21-de-Mayo-de-2024-Circuito-de-los-Origenes-Escuela-de-Aviacion-Aviacol-scaled.jpg' href=\"https:\/\/imct.gov.co\/circuito\/wp-content\/uploads\/2025\/03\/21-de-Mayo-de-2024-Circuito-de-los-Origenes-Escuela-de-Aviacion-Aviacol-scaled.jpg\" data-fancybox=\"wpcp_view\">\n\t\t<figure>\n\t\t\t<img loading=\"lazy\" decoding=\"async\" class=\"skip-lazy\" src=\"https:\/\/imct.gov.co\/circuito\/wp-content\/uploads\/2025\/03\/21-de-Mayo-de-2024-Circuito-de-los-Origenes-Escuela-de-Aviacion-Aviacol-scaled.jpg\" alt=\"21 de Mayo de 2024 - Circuito de los Or\u00edgenes, Escuela de Aviaci\u00f3n Aviacol\" width=\"2560\" height=\"1920\">\t\t<\/figure>\n\t<\/a>\n\t\t<\/div>\n<\/div>\n\t<div class=\"wpcpro-col-xs-3 wpcpro-col-sm-2  wpcpro-col-md-3 wpcpro-col-lg-4 wpcpro-col-xl-2\">\n\t<div class=\"wpcp-single-item\">\n\t\t\t<a class=\"wcp-light-box\" data-buttons='[\"close\"]' data-wpc_url='https:\/\/imct.gov.co\/circuito\/wp-content\/uploads\/2025\/03\/30-de-Noviembre-de-2024-FOTOGRAFIA-2-Circuito-de-los-Origenes.jpg' href=\"https:\/\/imct.gov.co\/circuito\/wp-content\/uploads\/2025\/03\/30-de-Noviembre-de-2024-FOTOGRAFIA-2-Circuito-de-los-Origenes.jpg\" data-fancybox=\"wpcp_view\">\n\t\t<figure>\n\t\t\t<img loading=\"lazy\" decoding=\"async\" class=\"skip-lazy\" src=\"https:\/\/imct.gov.co\/circuito\/wp-content\/uploads\/2025\/03\/30-de-Noviembre-de-2024-FOTOGRAFIA-2-Circuito-de-los-Origenes.jpg\" alt=\"30 de Noviembre de 2024 - FOTOGRAFIA 2 Circuito de los Or\u00edgenes.\" width=\"1280\" height=\"963\">\t\t<\/figure>\n\t<\/a>\n\t\t<\/div>\n<\/div>\n\t<div class=\"wpcpro-col-xs-3 wpcpro-col-sm-2  wpcpro-col-md-3 wpcpro-col-lg-4 wpcpro-col-xl-2\">\n\t<div class=\"wpcp-single-item\">\n\t\t\t<a class=\"wcp-light-box\" data-buttons='[\"close\"]' data-wpc_url='https:\/\/imct.gov.co\/circuito\/wp-content\/uploads\/2025\/03\/o-1.png' href=\"https:\/\/imct.gov.co\/circuito\/wp-content\/uploads\/2025\/03\/o-1.png\" data-fancybox=\"wpcp_view\">\n\t\t<figure>\n\t\t\t<img loading=\"lazy\" decoding=\"async\" class=\"skip-lazy\" src=\"https:\/\/imct.gov.co\/circuito\/wp-content\/uploads\/2025\/03\/o-1.png\" alt=\"o\" width=\"773\" height=\"521\">\t\t<\/figure>\n\t<\/a>\n\t\t<\/div>\n<\/div>\n\t<div class=\"wpcpro-col-xs-3 wpcpro-col-sm-2  wpcpro-col-md-3 wpcpro-col-lg-4 wpcpro-col-xl-2\">\n\t<div class=\"wpcp-single-item\">\n\t\t\t<a class=\"wcp-light-box\" data-buttons='[\"close\"]' data-wpc_url='https:\/\/imct.gov.co\/circuito\/wp-content\/uploads\/2025\/03\/J.png' href=\"https:\/\/imct.gov.co\/circuito\/wp-content\/uploads\/2025\/03\/J.png\" data-fancybox=\"wpcp_view\">\n\t\t<figure>\n\t\t\t<img loading=\"lazy\" decoding=\"async\" class=\"skip-lazy\" src=\"https:\/\/imct.gov.co\/circuito\/wp-content\/uploads\/2025\/03\/J.png\" alt=\"J\" width=\"1066\" height=\"697\">\t\t<\/figure>\n\t<\/a>\n\t\t<\/div>\n<\/div>\n\t\t\t<\/div>\n\t<\/div>\n\t<\/div> <!-- \/\/ Carousel Wrapper. -->\n\n<\/div>\n<\/div>\n<\/div>\n<\/div>\n<\/div>\n<\/div>\n\n\n\n<h2 class=\"wp-block-heading has-text-align-center\">\u00a1Este es nuestro recorrido!<\/h2>\n\n\n\n<figure class=\"wp-block-image size-large\"><img loading=\"lazy\" decoding=\"async\" width=\"1024\" height=\"576\" src=\"https:\/\/imct.gov.co\/circuito\/wp-content\/uploads\/2025\/03\/MAPA-RECORRIDO-CIRCUITO-ORIGENES-1-1024x576.jpg\" alt=\"\" class=\"wp-image-694\" srcset=\"https:\/\/imct.gov.co\/circuito\/wp-content\/uploads\/2025\/03\/MAPA-RECORRIDO-CIRCUITO-ORIGENES-1-1024x576.jpg 1024w, https:\/\/imct.gov.co\/circuito\/wp-content\/uploads\/2025\/03\/MAPA-RECORRIDO-CIRCUITO-ORIGENES-1-300x169.jpg 300w, https:\/\/imct.gov.co\/circuito\/wp-content\/uploads\/2025\/03\/MAPA-RECORRIDO-CIRCUITO-ORIGENES-1-768x432.jpg 768w, https:\/\/imct.gov.co\/circuito\/wp-content\/uploads\/2025\/03\/MAPA-RECORRIDO-CIRCUITO-ORIGENES-1-1536x864.jpg 1536w, https:\/\/imct.gov.co\/circuito\/wp-content\/uploads\/2025\/03\/MAPA-RECORRIDO-CIRCUITO-ORIGENES-1.jpg 1920w\" sizes=\"auto, (max-width: 1024px) 100vw, 1024px\" \/><\/figure>\n\n\n\n<h2 class=\"titulo-aliados-imct\">Aliados estrat\u00e9gicos<\/h2>\n<br>\n<div class=\"menu-grid-6imct\">\n  <div class=\"menu-grid-6imct__item\">\n    <img decoding=\"async\" src=\"https:\/\/imct.gov.co\/circuito\/wp-content\/uploads\/2026\/02\/CASA-DEL-LIBRO-TOTAL.png\" alt=\"Casa del Libro Total\">\n  <\/div>\n\n  <div class=\"menu-grid-6imct__item\">\n    <img decoding=\"async\" src=\"https:\/\/imct.gov.co\/circuito\/wp-content\/uploads\/2026\/02\/Copia-de-Copia-de-Copia-de-Copia-de-Copia-de-Copia-de-Copia-de-Copia-de-Copia-de-Copia-de-Copia-de-Pots-portada-8-scaled.png\" alt=\"Men\u00fa 2\">\n  <\/div>\n\n  <div class=\"menu-grid-6imct__item\">\n    <img decoding=\"async\" src=\"https:\/\/imct.gov.co\/circuito\/wp-content\/uploads\/2026\/02\/NATIVA-SANTANDER.png\" alt=\"Nativa Santander\">\n  <\/div>\n\n  <div class=\"menu-grid-6imct__item\">\n    <img decoding=\"async\" src=\"https:\/\/imct.gov.co\/circuito\/wp-content\/uploads\/2026\/02\/ONCES-Y-MERIENDAS.png\" alt=\"Onces y Meriendas\">\n  <\/div>\n\n  <div class=\"menu-grid-6imct__item\">\n    <img decoding=\"async\" src=\"https:\/\/imct.gov.co\/circuito\/wp-content\/uploads\/2026\/02\/BOSQUE-VIVERO.bmp\" alt=\"Bosque Vivero\">\n  <\/div>\n\n  <div class=\"menu-grid-6imct__item\">\n    <img decoding=\"async\" src=\"https:\/\/imct.gov.co\/circuito\/wp-content\/uploads\/2026\/02\/CAFE-MESA-DE-LOS-SANTOS.jpg\" alt=\"Caf\u00e9 Mesa de los Santos\">\n  <\/div>\n<\/div>\n\n<style>\n\/* Contenedor *\/\n.menu-grid-6imct{\n  background:#f3f4f6;\n  border-top:5px solid #C4C4C4;\n  border-bottom:5px solid #C4C4C4;\n  border-radius:14px;\n  padding:18px 16px;\n  max-width:1400px;\n  margin:20px auto;\n  box-shadow:0 6px 20px rgba(0,0,0,.08);\n\n  display:grid !important;                 \/* BLINDA el grid *\/\n  grid-template-columns:repeat(6, 1fr) !important;\n  gap:14px;\n}\n\n\/* Tarjetas *\/\n.menu-grid-6imct__item{\n  background:#fff;\n  border-radius:12px;\n  padding:10px;\n  box-shadow:0 4px 14px rgba(0,0,0,.10);\n\n  display:flex;\n  align-items:center;\n  justify-content:center;\n  min-height:90px;                         \/* evita \u201cgigantes\u201d *\/\n}\n\n\/* Imagen: que se ajuste sin deformarse *\/\n.menu-grid-6imct__item img{\n  width:100%;\n  max-height:90px;                         \/* controla tama\u00f1o *\/\n  object-fit:contain;\n  display:block;\n}\n\n\/* Responsive *\/\n@media (max-width: 1024px){\n  .menu-grid-6imct{ grid-template-columns:repeat(3, 1fr) !important; }\n  .menu-grid-6imct__item img{ max-height:110px; }\n}\n@media (max-width: 640px){\n  .menu-grid-6imct{ grid-template-columns:repeat(2, 1fr) !important; }\n}\n\n\n.titulo-aliados-imct{\n  font-family: 'Poppins', Arial, sans-serif;\n  text-align: center;\n  font-size: 32px;\n  font-weight: 600;\n  color: #878686;\n  margin: 10px 0 18px 0;\n}\n<\/style>\n","protected":false},"excerpt":{"rendered":"<p>Tu navegador no soporta la reproducci\u00f3n de video. \u00a1Un plan imperdible! Conocer\u00e1s lugares como la Casa del Libro Total, la Capilla de los Dolores y el Parque Garc\u00eda Rovira. Adem\u00e1s, deleitar\u00e1s el paladar con los manjares de nuestra regi\u00f3n. Circuito S\u00e1bados Soy una persona particular y quiero asistir al circuito (D\u00eda s\u00e1bado) Colegios \/ Universidades [&hellip;]<\/p>\n","protected":false},"author":1,"featured_media":744,"parent":0,"menu_order":0,"comment_status":"closed","ping_status":"closed","template":"","meta":{"footnotes":""},"class_list":["post-722","page","type-page","status-publish","has-post-thumbnail","hentry"],"_links":{"self":[{"href":"https:\/\/imct.gov.co\/circuito\/index.php\/wp-json\/wp\/v2\/pages\/722","targetHints":{"allow":["GET"]}}],"collection":[{"href":"https:\/\/imct.gov.co\/circuito\/index.php\/wp-json\/wp\/v2\/pages"}],"about":[{"href":"https:\/\/imct.gov.co\/circuito\/index.php\/wp-json\/wp\/v2\/types\/page"}],"author":[{"embeddable":true,"href":"https:\/\/imct.gov.co\/circuito\/index.php\/wp-json\/wp\/v2\/users\/1"}],"replies":[{"embeddable":true,"href":"https:\/\/imct.gov.co\/circuito\/index.php\/wp-json\/wp\/v2\/comments?post=722"}],"version-history":[{"count":31,"href":"https:\/\/imct.gov.co\/circuito\/index.php\/wp-json\/wp\/v2\/pages\/722\/revisions"}],"predecessor-version":[{"id":1024,"href":"https:\/\/imct.gov.co\/circuito\/index.php\/wp-json\/wp\/v2\/pages\/722\/revisions\/1024"}],"wp:featuredmedia":[{"embeddable":true,"href":"https:\/\/imct.gov.co\/circuito\/index.php\/wp-json\/wp\/v2\/media\/744"}],"wp:attachment":[{"href":"https:\/\/imct.gov.co\/circuito\/index.php\/wp-json\/wp\/v2\/media?parent=722"}],"curies":[{"name":"wp","href":"https:\/\/api.w.org\/{rel}","templated":true}]}}